{"id":29713,"date":"2025-02-17T11:34:33","date_gmt":"2025-02-17T10:34:33","guid":{"rendered":"https:\/\/tierschutz.com\/election\/"},"modified":"2025-04-09T10:50:36","modified_gmt":"2025-04-09T08:50:36","slug":"election","status":"publish","type":"page","link":"https:\/\/mail.swiss-animal-protection.ch\/fr\/election\/","title":{"rendered":"\u00c9lection de la pr\u00e9sidence en 2025"},"content":{"rendered":"\n<div class=\"wp-block-cover alignfull is-light\"><span aria-hidden=\"true\" class=\"wp-block-cover__background has-background-dim-20 has-background-dim\"><\/span><img loading=\"lazy\" decoding=\"async\" width=\"2560\" height=\"1707\" class=\"wp-block-cover__image-background wp-image-473\" alt=\"Ein gl\u00fccklicher junger Mann sitzt mit seinem H\u00fcndchen auf dem Sofa zu Hause.\" src=\"https:\/\/tierschutz.com\/app\/uploads\/2023\/05\/schweizer-tierschutz-heimtierhaltung-scaled.jpg\" style=\"object-position:55% 66%\" data-object-fit=\"cover\" data-object-position=\"55% 66%\" srcset=\"https:\/\/mail.swiss-animal-protection.ch\/app\/uploads\/2023\/05\/schweizer-tierschutz-heimtierhaltung-scaled.jpg 2560w, https:\/\/mail.swiss-animal-protection.ch\/app\/uploads\/2023\/05\/schweizer-tierschutz-heimtierhaltung-300x200.jpg 300w, https:\/\/mail.swiss-animal-protection.ch\/app\/uploads\/2023\/05\/schweizer-tierschutz-heimtierhaltung-1024x683.jpg 1024w, https:\/\/mail.swiss-animal-protection.ch\/app\/uploads\/2023\/05\/schweizer-tierschutz-heimtierhaltung-768x512.jpg 768w, https:\/\/mail.swiss-animal-protection.ch\/app\/uploads\/2023\/05\/schweizer-tierschutz-heimtierhaltung-1536x1024.jpg 1536w, https:\/\/mail.swiss-animal-protection.ch\/app\/uploads\/2023\/05\/schweizer-tierschutz-heimtierhaltung-2048x1365.jpg 2048w\" sizes=\"auto, (max-width: 2560px) 100vw, 2560px\" \/><div class=\"wp-block-cover__inner-container is-layout-flow wp-block-cover-is-layout-flow\">\n<h1 class=\"wp-block-heading has-text-align-center has-background-color has-text-color\" id=\"h-election-de-la-presidence-en-2025\"><strong>\u00c9lection de la pr\u00e9sidence<\/strong> <strong>en 2025<\/strong><\/h1>\n<\/div><\/div>\n\n\n\n<div class=\"wp-block-group alignfull has-background-background-color has-background is-layout-constrained wp-block-group-is-layout-constrained\">\n<h2 class=\"wp-block-heading has-text-align-center\" id=\"h-entretien-video-avec-peter-v-kunz\"><strong>Entretien vid\u00e9o avec Peter V. Kunz<\/strong><\/h2>\n\n\n\n<hr class=\"wp-block-separator has-text-color has-primary-color has-alpha-channel-opacity has-primary-background-color has-background\"\/>\n\n\n\n<p class=\"has-text-align-center has-large-font-size\">Lors de l&#8217;assembl\u00e9e extraordinaire des d\u00e9l\u00e9gu\u00e9s du 15 mars 2025 \u00e0 B\u00e2le, Peter V. Kunz, membre du comit\u00e9 directeur, se pr\u00e9sentera \u00e0 l&#8217;\u00e9lection du nouveau pr\u00e9sident de la Protection Suisse des Animaux PSA. Dans une interview vid\u00e9o, il r\u00e9pond au pr\u00e9alable \u00e0 des questions sur sa personne et sur diff\u00e9rents th\u00e8mes de la protection des animaux.<\/p>\n\n\n\n<p class=\"has-text-align-center\">La candidature de Peter V. Kunz a \u00e9t\u00e9 d\u00e9pos\u00e9e dans les d\u00e9lais. Elle est soutenue \u00e0 l&#8217;unanimit\u00e9 par la commission de recherche et le comit\u00e9 directeur.<\/p>\n\n\n\n<figure class=\"wp-block-video\"><video height=\"720\" style=\"aspect-ratio: 1280 \/ 720;\" width=\"1280\" controls poster=\"https:\/\/tierschutz.com\/app\/uploads\/2025\/02\/peter-v-kunz.jpg\" src=\"https:\/\/tierschutz.com\/app\/uploads\/2025\/02\/PVK-korrect_F.mp4\"><\/video><\/figure>\n<\/div>\n","protected":false},"excerpt":{"rendered":"<p>Entretien vid\u00e9o avec Peter V. Kunz Lors de l&#8217;assembl\u00e9e extraordinaire des d\u00e9l\u00e9gu\u00e9s du 15 mars 2025 \u00e0 B\u00e2le, Peter V. [&hellip;]<\/p>\n","protected":false},"author":5,"featured_media":0,"parent":0,"menu_order":43,"comment_status":"closed","ping_status":"closed","template":"","meta":{"_acf_changed":false,"inline_featured_image":false,"_vp_format_video_url":"","_vp_image_focal_point":[],"footnotes":""},"class_list":["post-29713","page","type-page","status-publish","hentry"],"acf":[],"yoast_head":"<!-- This site is optimized with the Yoast SEO Premium plugin v27.4 (Yoast SEO v27.4) - https:\/\/yoast.com\/product\/yoast-seo-premium-wordpress\/ -->\n<title>\u00c9lection de la pr\u00e9sidence en 2025 - Protection Suisse des Animaux PSA<\/title>\n<meta name=\"robots\" content=\"index, follow, max-snippet:-1, max-image-preview:large, max-video-preview:-1\" \/>\n<link rel=\"canonical\" href=\"https:\/\/mail.swiss-animal-protection.ch\/fr\/election\/\" \/>\n<meta property=\"og:locale\" content=\"fr_FR\" \/>\n<meta property=\"og:type\" content=\"article\" \/>\n<meta property=\"og:title\" content=\"\u00c9lection de la pr\u00e9sidence en 2025\" \/>\n<meta property=\"og:description\" content=\"Entretien vid\u00e9o avec Peter V. Kunz Lors de l&#8217;assembl\u00e9e extraordinaire des d\u00e9l\u00e9gu\u00e9s du 15 mars 2025 \u00e0 B\u00e2le, Peter V. [&hellip;]\" \/>\n<meta property=\"og:url\" content=\"https:\/\/mail.swiss-animal-protection.ch\/fr\/election\/\" \/>\n<meta property=\"og:site_name\" content=\"Protection Suisse des Animaux PSA\" \/>\n<meta property=\"article:publisher\" content=\"https:\/\/www.facebook.com\/schweizertierschutz\/\" \/>\n<meta property=\"article:modified_time\" content=\"2025-04-09T08:50:36+00:00\" \/>\n<meta property=\"og:image\" content=\"https:\/\/tierschutz.com\/app\/uploads\/2023\/05\/schweizer-tierschutz-heimtierhaltung-scaled.jpg\" \/>\n<meta name=\"twitter:card\" content=\"summary_large_image\" \/>\n<meta name=\"twitter:label1\" content=\"Dur\u00e9e de lecture estim\u00e9e\" \/>\n\t<meta name=\"twitter:data1\" content=\"1 minute\" \/>\n<script type=\"application\/ld+json\" class=\"yoast-schema-graph\">{\"@context\":\"https:\\\/\\\/schema.org\",\"@graph\":[{\"@type\":\"WebPage\",\"@id\":\"https:\\\/\\\/mail.swiss-animal-protection.ch\\\/fr\\\/election\\\/\",\"url\":\"https:\\\/\\\/mail.swiss-animal-protection.ch\\\/fr\\\/election\\\/\",\"name\":\"\u00c9lection de la pr\u00e9sidence en 2025 - Protection Suisse des Animaux PSA\",\"isPartOf\":{\"@id\":\"https:\\\/\\\/mail.protection-animaux-psa.ch\\\/fr\\\/#website\"},\"primaryImageOfPage\":{\"@id\":\"https:\\\/\\\/mail.swiss-animal-protection.ch\\\/fr\\\/election\\\/#primaryimage\"},\"image\":{\"@id\":\"https:\\\/\\\/mail.swiss-animal-protection.ch\\\/fr\\\/election\\\/#primaryimage\"},\"thumbnailUrl\":\"https:\\\/\\\/tierschutz.com\\\/app\\\/uploads\\\/2023\\\/05\\\/schweizer-tierschutz-heimtierhaltung-scaled.jpg\",\"datePublished\":\"2025-02-17T10:34:33+00:00\",\"dateModified\":\"2025-04-09T08:50:36+00:00\",\"breadcrumb\":{\"@id\":\"https:\\\/\\\/mail.swiss-animal-protection.ch\\\/fr\\\/election\\\/#breadcrumb\"},\"inLanguage\":\"fr-FR\",\"potentialAction\":[{\"@type\":\"ReadAction\",\"target\":[\"https:\\\/\\\/mail.swiss-animal-protection.ch\\\/fr\\\/election\\\/\"]}]},{\"@type\":\"ImageObject\",\"inLanguage\":\"fr-FR\",\"@id\":\"https:\\\/\\\/mail.swiss-animal-protection.ch\\\/fr\\\/election\\\/#primaryimage\",\"url\":\"https:\\\/\\\/tierschutz.com\\\/app\\\/uploads\\\/2023\\\/05\\\/schweizer-tierschutz-heimtierhaltung-scaled.jpg\",\"contentUrl\":\"https:\\\/\\\/tierschutz.com\\\/app\\\/uploads\\\/2023\\\/05\\\/schweizer-tierschutz-heimtierhaltung-scaled.jpg\"},{\"@type\":\"BreadcrumbList\",\"@id\":\"https:\\\/\\\/mail.swiss-animal-protection.ch\\\/fr\\\/election\\\/#breadcrumb\",\"itemListElement\":[{\"@type\":\"ListItem\",\"position\":1,\"name\":\"Page d\u2019accueil\",\"item\":\"https:\\\/\\\/mail.protection-animaux-psa.ch\\\/fr\\\/\"},{\"@type\":\"ListItem\",\"position\":2,\"name\":\"\u00c9lection de la pr\u00e9sidence en 2025\"}]},{\"@type\":\"WebSite\",\"@id\":\"https:\\\/\\\/mail.protection-animaux-psa.ch\\\/fr\\\/#website\",\"url\":\"https:\\\/\\\/mail.protection-animaux-psa.ch\\\/fr\\\/\",\"name\":\"tierschutz.com\",\"description\":\"Wir setzen uns f\u00fcr das Wohl der Tiere ein.\",\"publisher\":{\"@id\":\"https:\\\/\\\/mail.protection-animaux-psa.ch\\\/fr\\\/#organization\"},\"alternateName\":\"Schweizer Tierschutz STS\",\"potentialAction\":[{\"@type\":\"SearchAction\",\"target\":{\"@type\":\"EntryPoint\",\"urlTemplate\":\"https:\\\/\\\/mail.protection-animaux-psa.ch\\\/fr\\\/?s={search_term_string}\"},\"query-input\":{\"@type\":\"PropertyValueSpecification\",\"valueRequired\":true,\"valueName\":\"search_term_string\"}}],\"inLanguage\":\"fr-FR\"},{\"@type\":\"Organization\",\"@id\":\"https:\\\/\\\/mail.protection-animaux-psa.ch\\\/fr\\\/#organization\",\"name\":\"Schweizer Tierschutz STS\",\"alternateName\":\"STS\",\"url\":\"https:\\\/\\\/mail.protection-animaux-psa.ch\\\/fr\\\/\",\"logo\":{\"@type\":\"ImageObject\",\"inLanguage\":\"fr-FR\",\"@id\":\"https:\\\/\\\/mail.protection-animaux-psa.ch\\\/fr\\\/#\\\/schema\\\/logo\\\/image\\\/\",\"url\":\"https:\\\/\\\/mail.swiss-animal-protection.ch\\\/app\\\/uploads\\\/2024\\\/04\\\/logo-schweizer-tierschutz-sts-1.svg\",\"contentUrl\":\"https:\\\/\\\/mail.swiss-animal-protection.ch\\\/app\\\/uploads\\\/2024\\\/04\\\/logo-schweizer-tierschutz-sts-1.svg\",\"caption\":\"Schweizer Tierschutz STS\"},\"image\":{\"@id\":\"https:\\\/\\\/mail.protection-animaux-psa.ch\\\/fr\\\/#\\\/schema\\\/logo\\\/image\\\/\"},\"sameAs\":[\"https:\\\/\\\/www.facebook.com\\\/schweizertierschutz\\\/\",\"https:\\\/\\\/www.instagram.com\\\/schweizertierschutzsts\\\/\",\"https:\\\/\\\/www.youtube.com\\\/@STS_Tierschutz\",\"https:\\\/\\\/www.linkedin.com\\\/company\\\/schweizertierschutzsts\\\/\"],\"description\":\"Der Schweizer Tierschutz STS ist der Dachverband von 71 Tierschutzorganisationen in allen Sprachregionen der Schweiz und in Liechtenstein. Seine Mitarbeitenden leisten wissenschaftlich fundierte Grundlagenarbeit, setzen sich mit Projekten und Aktionen f\u00fcr den Schutz und das Wohlbefinden von Heim-, Wild-, Nutz- und Versuchstieren ein und sensibilisieren die \u00d6ffentlichkeit f\u00fcr Tierschutzthemen.\",\"email\":\"sts@tierschutz.com\",\"telephone\":\"061 365 99 99\",\"legalName\":\"Schweizer Tierschutz STS\"}]}<\/script>\n<!-- \/ Yoast SEO Premium plugin. -->","yoast_head_json":{"title":"\u00c9lection de la pr\u00e9sidence en 2025 - Protection Suisse des Animaux PSA","robots":{"index":"index","follow":"follow","max-snippet":"max-snippet:-1","max-image-preview":"max-image-preview:large","max-video-preview":"max-video-preview:-1"},"canonical":"https:\/\/mail.swiss-animal-protection.ch\/fr\/election\/","og_locale":"fr_FR","og_type":"article","og_title":"\u00c9lection de la pr\u00e9sidence en 2025","og_description":"Entretien vid\u00e9o avec Peter V. Kunz Lors de l&#8217;assembl\u00e9e extraordinaire des d\u00e9l\u00e9gu\u00e9s du 15 mars 2025 \u00e0 B\u00e2le, Peter V. [&hellip;]","og_url":"https:\/\/mail.swiss-animal-protection.ch\/fr\/election\/","og_site_name":"Protection Suisse des Animaux PSA","article_publisher":"https:\/\/www.facebook.com\/schweizertierschutz\/","article_modified_time":"2025-04-09T08:50:36+00:00","og_image":[{"url":"https:\/\/tierschutz.com\/app\/uploads\/2023\/05\/schweizer-tierschutz-heimtierhaltung-scaled.jpg","type":"","width":"","height":""}],"twitter_card":"summary_large_image","twitter_misc":{"Dur\u00e9e de lecture estim\u00e9e":"1 minute"},"schema":{"@context":"https:\/\/schema.org","@graph":[{"@type":"WebPage","@id":"https:\/\/mail.swiss-animal-protection.ch\/fr\/election\/","url":"https:\/\/mail.swiss-animal-protection.ch\/fr\/election\/","name":"\u00c9lection de la pr\u00e9sidence en 2025 - Protection Suisse des Animaux PSA","isPartOf":{"@id":"https:\/\/mail.protection-animaux-psa.ch\/fr\/#website"},"primaryImageOfPage":{"@id":"https:\/\/mail.swiss-animal-protection.ch\/fr\/election\/#primaryimage"},"image":{"@id":"https:\/\/mail.swiss-animal-protection.ch\/fr\/election\/#primaryimage"},"thumbnailUrl":"https:\/\/tierschutz.com\/app\/uploads\/2023\/05\/schweizer-tierschutz-heimtierhaltung-scaled.jpg","datePublished":"2025-02-17T10:34:33+00:00","dateModified":"2025-04-09T08:50:36+00:00","breadcrumb":{"@id":"https:\/\/mail.swiss-animal-protection.ch\/fr\/election\/#breadcrumb"},"inLanguage":"fr-FR","potentialAction":[{"@type":"ReadAction","target":["https:\/\/mail.swiss-animal-protection.ch\/fr\/election\/"]}]},{"@type":"ImageObject","inLanguage":"fr-FR","@id":"https:\/\/mail.swiss-animal-protection.ch\/fr\/election\/#primaryimage","url":"https:\/\/tierschutz.com\/app\/uploads\/2023\/05\/schweizer-tierschutz-heimtierhaltung-scaled.jpg","contentUrl":"https:\/\/tierschutz.com\/app\/uploads\/2023\/05\/schweizer-tierschutz-heimtierhaltung-scaled.jpg"},{"@type":"BreadcrumbList","@id":"https:\/\/mail.swiss-animal-protection.ch\/fr\/election\/#breadcrumb","itemListElement":[{"@type":"ListItem","position":1,"name":"Page d\u2019accueil","item":"https:\/\/mail.protection-animaux-psa.ch\/fr\/"},{"@type":"ListItem","position":2,"name":"\u00c9lection de la pr\u00e9sidence en 2025"}]},{"@type":"WebSite","@id":"https:\/\/mail.protection-animaux-psa.ch\/fr\/#website","url":"https:\/\/mail.protection-animaux-psa.ch\/fr\/","name":"tierschutz.com","description":"Wir setzen uns f\u00fcr das Wohl der Tiere ein.","publisher":{"@id":"https:\/\/mail.protection-animaux-psa.ch\/fr\/#organization"},"alternateName":"Schweizer Tierschutz STS","potentialAction":[{"@type":"SearchAction","target":{"@type":"EntryPoint","urlTemplate":"https:\/\/mail.protection-animaux-psa.ch\/fr\/?s={search_term_string}"},"query-input":{"@type":"PropertyValueSpecification","valueRequired":true,"valueName":"search_term_string"}}],"inLanguage":"fr-FR"},{"@type":"Organization","@id":"https:\/\/mail.protection-animaux-psa.ch\/fr\/#organization","name":"Schweizer Tierschutz STS","alternateName":"STS","url":"https:\/\/mail.protection-animaux-psa.ch\/fr\/","logo":{"@type":"ImageObject","inLanguage":"fr-FR","@id":"https:\/\/mail.protection-animaux-psa.ch\/fr\/#\/schema\/logo\/image\/","url":"https:\/\/mail.swiss-animal-protection.ch\/app\/uploads\/2024\/04\/logo-schweizer-tierschutz-sts-1.svg","contentUrl":"https:\/\/mail.swiss-animal-protection.ch\/app\/uploads\/2024\/04\/logo-schweizer-tierschutz-sts-1.svg","caption":"Schweizer Tierschutz STS"},"image":{"@id":"https:\/\/mail.protection-animaux-psa.ch\/fr\/#\/schema\/logo\/image\/"},"sameAs":["https:\/\/www.facebook.com\/schweizertierschutz\/","https:\/\/www.instagram.com\/schweizertierschutzsts\/","https:\/\/www.youtube.com\/@STS_Tierschutz","https:\/\/www.linkedin.com\/company\/schweizertierschutzsts\/"],"description":"Der Schweizer Tierschutz STS ist der Dachverband von 71 Tierschutzorganisationen in allen Sprachregionen der Schweiz und in Liechtenstein. Seine Mitarbeitenden leisten wissenschaftlich fundierte Grundlagenarbeit, setzen sich mit Projekten und Aktionen f\u00fcr den Schutz und das Wohlbefinden von Heim-, Wild-, Nutz- und Versuchstieren ein und sensibilisieren die \u00d6ffentlichkeit f\u00fcr Tierschutzthemen.","email":"sts@tierschutz.com","telephone":"061 365 99 99","legalName":"Schweizer Tierschutz STS"}]}},"_links":{"self":[{"href":"https:\/\/mail.swiss-animal-protection.ch\/fr\/wp-json\/wp\/v2\/pages\/29713","targetHints":{"allow":["GET"]}}],"collection":[{"href":"https:\/\/mail.swiss-animal-protection.ch\/fr\/wp-json\/wp\/v2\/pages"}],"about":[{"href":"https:\/\/mail.swiss-animal-protection.ch\/fr\/wp-json\/wp\/v2\/types\/page"}],"author":[{"embeddable":true,"href":"https:\/\/mail.swiss-animal-protection.ch\/fr\/wp-json\/wp\/v2\/users\/5"}],"replies":[{"embeddable":true,"href":"https:\/\/mail.swiss-animal-protection.ch\/fr\/wp-json\/wp\/v2\/comments?post=29713"}],"version-history":[{"count":9,"href":"https:\/\/mail.swiss-animal-protection.ch\/fr\/wp-json\/wp\/v2\/pages\/29713\/revisions"}],"predecessor-version":[{"id":30714,"href":"https:\/\/mail.swiss-animal-protection.ch\/fr\/wp-json\/wp\/v2\/pages\/29713\/revisions\/30714"}],"wp:attachment":[{"href":"https:\/\/mail.swiss-animal-protection.ch\/fr\/wp-json\/wp\/v2\/media?parent=29713"}],"curies":[{"name":"wp","href":"https:\/\/api.w.org\/{rel}","templated":true}]}}