{"id":7018,"date":"2023-05-04T11:30:15","date_gmt":"2023-05-04T09:30:15","guid":{"rendered":"https:\/\/dev.tierschutz.com\/?page_id=7018"},"modified":"2024-04-04T17:04:37","modified_gmt":"2024-04-04T15:04:37","slug":"detenzione-di-animali-da-reddito","status":"publish","type":"page","link":"https:\/\/mail.swiss-animal-protection.ch\/it\/detenzione-di-animali\/detenzione-di-animali-da-reddito\/","title":{"rendered":"Detenzione di animali da reddito"},"content":{"rendered":"\n<div class=\"wp-block-cover alignfull is-light\" style=\"min-height:100vh;aspect-ratio:unset;\"><span aria-hidden=\"true\" class=\"wp-block-cover__background has-background-dim-20 has-background-dim\"><\/span><img loading=\"lazy\" decoding=\"async\" width=\"2560\" height=\"1664\" class=\"wp-block-cover__image-background wp-image-5222\" alt=\"\" src=\"https:\/\/tierschutz.com\/app\/uploads\/2023\/06\/sts-nutztierhaltung-scaled-e1686821780359.jpg\" style=\"object-position:60% 38%\" data-object-fit=\"cover\" data-object-position=\"60% 38%\" srcset=\"https:\/\/mail.swiss-animal-protection.ch\/app\/uploads\/2023\/06\/sts-nutztierhaltung-scaled-e1686821780359.jpg 2560w, https:\/\/mail.swiss-animal-protection.ch\/app\/uploads\/2023\/06\/sts-nutztierhaltung-scaled-e1686821780359-300x195.jpg 300w, https:\/\/mail.swiss-animal-protection.ch\/app\/uploads\/2023\/06\/sts-nutztierhaltung-scaled-e1686821780359-1024x666.jpg 1024w, https:\/\/mail.swiss-animal-protection.ch\/app\/uploads\/2023\/06\/sts-nutztierhaltung-scaled-e1686821780359-768x499.jpg 768w, https:\/\/mail.swiss-animal-protection.ch\/app\/uploads\/2023\/06\/sts-nutztierhaltung-scaled-e1686821780359-1536x998.jpg 1536w, https:\/\/mail.swiss-animal-protection.ch\/app\/uploads\/2023\/06\/sts-nutztierhaltung-scaled-e1686821780359-2048x1331.jpg 2048w\" sizes=\"auto, (max-width: 2560px) 100vw, 2560px\" \/><div class=\"wp-block-cover__inner-container is-layout-flow wp-block-cover-is-layout-flow\">\n<h1 class=\"wp-block-heading has-text-align-center has-background-color has-text-color\" style=\"font-size:4.5em\"><strong><strong>Detenzione di animali da reddito<\/strong><\/strong><\/h1>\n<\/div><\/div>\n\n\n\n<div class=\"wp-block-group has-background-background-color has-background is-layout-constrained wp-block-group-is-layout-constrained\"><div class=\"yoast-breadcrumbs\"><span><span><a href=\"https:\/\/mail.protection-animaux-psa.ch\/it\/\">Pagina iniziale<\/a><\/span> \u00bb <span><a href=\"https:\/\/mail.schweizer-tierschutz-sts.ch\/it\/detenzione-di-animali\/\">Detenzione di animali<\/a><\/span> \u00bb <span class=\"breadcrumb_last\" aria-current=\"page\">Detenzione di animali da reddito<\/span><\/span><\/div>\n\n\n<div class=\"wp-block-columns is-layout-flex wp-container-core-columns-is-layout-28f84493 wp-block-columns-is-layout-flex\">\n<div class=\"wp-block-column is-layout-flow wp-block-column-is-layout-flow\">\n<div class=\"wp-block-media-text alignwide is-stacked-on-mobile is-style-stacked-shadow no-inset\"><figure class=\"wp-block-media-text__media\"><img loading=\"lazy\" decoding=\"async\" width=\"1024\" height=\"658\" src=\"https:\/\/tierschutz.com\/app\/uploads\/2023\/05\/STS-Rinder-1-1024x658.jpg\" alt=\"Eine Braune Kuh mit ihrem K\u00e4lbchen, das gerade bei der Kuh Milch trinkt auf einer Wiese\" class=\"wp-image-1883 size-full\" srcset=\"https:\/\/mail.swiss-animal-protection.ch\/app\/uploads\/2023\/05\/STS-Rinder-1-1024x658.jpg 1024w, https:\/\/mail.swiss-animal-protection.ch\/app\/uploads\/2023\/05\/STS-Rinder-1-300x193.jpg 300w, https:\/\/mail.swiss-animal-protection.ch\/app\/uploads\/2023\/05\/STS-Rinder-1-768x494.jpg 768w, https:\/\/mail.swiss-animal-protection.ch\/app\/uploads\/2023\/05\/STS-Rinder-1.jpg 1416w\" sizes=\"auto, (max-width: 1024px) 100vw, 1024px\" \/><\/figure><div class=\"wp-block-media-text__content\">\n<h3 class=\"wp-block-heading\"><strong>Bovini<\/strong><\/h3>\n\n\n\n<p>Una mucca fa muggito. E nel migliore dei casi \u00e8 un muggito felice. Leggete qui cosa \u00e8 importante nell&#8217;allevamento del bestiame.<\/p>\n\n\n\n<div class=\"wp-block-buttons is-layout-flex wp-block-buttons-is-layout-flex\">\n<div class=\"wp-block-button\"><a class=\"wp-block-button__link wp-element-button\" href=\"https:\/\/tierschutz.com\/it\/detenzione-di-animali\/detenzione-di-animali-da-reddito\/bovini\/\">Per saperne di pi\u00f9<\/a><\/div>\n<\/div>\n<\/div><\/div>\n<\/div>\n\n\n\n<div class=\"wp-block-column is-layout-flow wp-block-column-is-layout-flow\">\n<div class=\"wp-block-media-text alignwide is-stacked-on-mobile is-style-stacked-shadow no-inset\"><figure class=\"wp-block-media-text__media\"><img loading=\"lazy\" decoding=\"async\" width=\"1024\" height=\"658\" src=\"https:\/\/tierschutz.com\/app\/uploads\/2023\/05\/STS-Schwein-2-1024x658.jpg\" alt=\"Mehrere Ferkel mit schwarzen Flecken auf einer Wiese\" class=\"wp-image-1892 size-full\" srcset=\"https:\/\/mail.swiss-animal-protection.ch\/app\/uploads\/2023\/05\/STS-Schwein-2-1024x658.jpg 1024w, https:\/\/mail.swiss-animal-protection.ch\/app\/uploads\/2023\/05\/STS-Schwein-2-300x193.jpg 300w, https:\/\/mail.swiss-animal-protection.ch\/app\/uploads\/2023\/05\/STS-Schwein-2-768x494.jpg 768w, https:\/\/mail.swiss-animal-protection.ch\/app\/uploads\/2023\/05\/STS-Schwein-2.jpg 1416w\" sizes=\"auto, (max-width: 1024px) 100vw, 1024px\" \/><\/figure><div class=\"wp-block-media-text__content\">\n<h3 class=\"wp-block-heading\"><strong>Maiali<\/strong><\/h3>\n\n\n\n<p>Per decenni si \u00e8 pensato, a torto, che i maiali fossero frugali e avessero poche esigenze in fatto di alloggi e recinti. Ma non \u00e8 cos\u00ec.<\/p>\n\n\n\n<div class=\"wp-block-buttons is-layout-flex wp-block-buttons-is-layout-flex\">\n<div class=\"wp-block-button\"><a class=\"wp-block-button__link wp-element-button\" href=\"https:\/\/tierschutz.com\/it\/detenzione-di-animali\/detenzione-di-animali-da-reddito\/maiali\/\">Per saperne di pi\u00f9<\/a><\/div>\n<\/div>\n<\/div><\/div>\n<\/div>\n<\/div>\n\n\n\n<div class=\"wp-block-columns is-layout-flex wp-container-core-columns-is-layout-28f84493 wp-block-columns-is-layout-flex\">\n<div class=\"wp-block-column is-layout-flow wp-block-column-is-layout-flow\">\n<div class=\"wp-block-media-text alignwide is-stacked-on-mobile is-style-stacked-shadow no-inset\"><figure class=\"wp-block-media-text__media\"><img loading=\"lazy\" decoding=\"async\" width=\"1024\" height=\"653\" src=\"https:\/\/tierschutz.com\/app\/uploads\/2023\/06\/sts-ziege-schaf-scaled-e1687445594471-1024x653.jpg\" alt=\"\" class=\"wp-image-5920 size-full\" srcset=\"https:\/\/mail.swiss-animal-protection.ch\/app\/uploads\/2023\/06\/sts-ziege-schaf-scaled-e1687445594471-1024x653.jpg 1024w, https:\/\/mail.swiss-animal-protection.ch\/app\/uploads\/2023\/06\/sts-ziege-schaf-scaled-e1687445594471-300x191.jpg 300w, https:\/\/mail.swiss-animal-protection.ch\/app\/uploads\/2023\/06\/sts-ziege-schaf-scaled-e1687445594471-768x490.jpg 768w, https:\/\/mail.swiss-animal-protection.ch\/app\/uploads\/2023\/06\/sts-ziege-schaf-scaled-e1687445594471-1536x979.jpg 1536w, https:\/\/mail.swiss-animal-protection.ch\/app\/uploads\/2023\/06\/sts-ziege-schaf-scaled-e1687445594471-2048x1306.jpg 2048w\" sizes=\"auto, (max-width: 1024px) 100vw, 1024px\" \/><\/figure><div class=\"wp-block-media-text__content\">\n<h3 class=\"wp-block-heading\"><strong>Capre e pecore<\/strong><\/h3>\n\n\n\n<p>I dolci gomitoli di lana attribuiscono particolare importanza a un sufficiente esercizio fisico e a stalle pulite e asciutte. Scoprite qui cos&#8217;altro serve agli animali per sentirsi a proprio agio.<\/p>\n\n\n\n<div class=\"wp-block-buttons is-layout-flex wp-block-buttons-is-layout-flex\">\n<div class=\"wp-block-button\"><a class=\"wp-block-button__link wp-element-button\" href=\"https:\/\/tierschutz.com\/it\/detenzione-di-animali\/detenzione-di-animali-da-reddito\/capre-e-pecore\/\">Per saperne di pi\u00f9<\/a><\/div>\n<\/div>\n<\/div><\/div>\n<\/div>\n\n\n\n<div class=\"wp-block-column is-layout-flow wp-block-column-is-layout-flow\">\n<div class=\"wp-block-media-text alignwide is-stacked-on-mobile is-style-stacked-shadow no-inset\"><figure class=\"wp-block-media-text__media\"><img loading=\"lazy\" decoding=\"async\" width=\"1024\" height=\"658\" src=\"https:\/\/tierschutz.com\/app\/uploads\/2023\/05\/STS-Private-Huehnerhaltung-1024x658.jpg\" alt=\"Ein braunes Huhn vor verschwommenen Hintergrund\" class=\"wp-image-2179 size-full\" srcset=\"https:\/\/mail.swiss-animal-protection.ch\/app\/uploads\/2023\/05\/STS-Private-Huehnerhaltung-1024x658.jpg 1024w, https:\/\/mail.swiss-animal-protection.ch\/app\/uploads\/2023\/05\/STS-Private-Huehnerhaltung-300x193.jpg 300w, https:\/\/mail.swiss-animal-protection.ch\/app\/uploads\/2023\/05\/STS-Private-Huehnerhaltung-768x494.jpg 768w, https:\/\/mail.swiss-animal-protection.ch\/app\/uploads\/2023\/05\/STS-Private-Huehnerhaltung.jpg 1416w\" sizes=\"auto, (max-width: 1024px) 100vw, 1024px\" \/><\/figure><div class=\"wp-block-media-text__content\">\n<h3 class=\"wp-block-heading\"><strong>Pollame<\/strong><\/h3>\n\n\n\n<p>Per molto tempo il pollame \u00e8 stato tenuto in condizioni crudeli. Oggi, invece, \u00e8 chiaro che un ampio spazio all&#8217;aperto e una dieta varia sono essenziali per gli animali.<\/p>\n\n\n\n<div class=\"wp-block-buttons is-layout-flex wp-block-buttons-is-layout-flex\">\n<div class=\"wp-block-button\"><a class=\"wp-block-button__link wp-element-button\" href=\"https:\/\/tierschutz.com\/it\/detenzione-di-animali\/detenzione-di-animali-da-reddito\/pollame\/\">Per saperne di pi\u00f9<\/a><\/div>\n<\/div>\n<\/div><\/div>\n<\/div>\n<\/div>\n<\/div>\n","protected":false},"excerpt":{"rendered":"<p>Bovini Una mucca fa muggito. E nel migliore dei casi \u00e8 un muggito felice. Leggete qui cosa \u00e8 importante nell&#8217;allevamento [&hellip;]<\/p>\n","protected":false},"author":5,"featured_media":0,"parent":7015,"menu_order":122,"comment_status":"closed","ping_status":"closed","template":"","meta":{"_acf_changed":false,"inline_featured_image":false,"_vp_format_video_url":"","_vp_image_focal_point":[],"footnotes":""},"class_list":["post-7018","page","type-page","status-publish","hentry"],"acf":[],"yoast_head":"<!-- This site is optimized with the Yoast SEO Premium plugin v27.4 (Yoast SEO v27.4) - https:\/\/yoast.com\/product\/yoast-seo-premium-wordpress\/ -->\n<title>Detenzione di animali da reddito - Protezione Svizzera degli Animali PSA<\/title>\n<meta name=\"robots\" content=\"index, follow, max-snippet:-1, max-image-preview:large, max-video-preview:-1\" \/>\n<link rel=\"canonical\" href=\"https:\/\/mail.swiss-animal-protection.ch\/it\/detenzione-di-animali\/detenzione-di-animali-da-reddito\/\" \/>\n<meta property=\"og:locale\" content=\"it_IT\" \/>\n<meta property=\"og:type\" content=\"article\" \/>\n<meta property=\"og:title\" content=\"Detenzione di animali da reddito\" \/>\n<meta property=\"og:description\" content=\"Bovini Una mucca fa muggito. E nel migliore dei casi \u00e8 un muggito felice. Leggete qui cosa \u00e8 importante nell&#8217;allevamento [&hellip;]\" \/>\n<meta property=\"og:url\" content=\"https:\/\/mail.swiss-animal-protection.ch\/it\/detenzione-di-animali\/detenzione-di-animali-da-reddito\/\" \/>\n<meta property=\"og:site_name\" content=\"Protezione Svizzera degli Animali PSA\" \/>\n<meta property=\"article:publisher\" content=\"https:\/\/www.facebook.com\/schweizertierschutz\/\" \/>\n<meta property=\"article:modified_time\" content=\"2024-04-04T15:04:37+00:00\" \/>\n<meta property=\"og:image\" content=\"https:\/\/tierschutz.com\/app\/uploads\/2023\/06\/sts-nutztierhaltung-scaled-e1686821780359.jpg\" \/>\n<meta name=\"twitter:card\" content=\"summary_large_image\" \/>\n<meta name=\"twitter:label1\" content=\"Tempo di lettura stimato\" \/>\n\t<meta name=\"twitter:data1\" content=\"2 minuti\" \/>\n<script type=\"application\/ld+json\" class=\"yoast-schema-graph\">{\"@context\":\"https:\\\/\\\/schema.org\",\"@graph\":[{\"@type\":\"WebPage\",\"@id\":\"https:\\\/\\\/mail.swiss-animal-protection.ch\\\/it\\\/detenzione-di-animali\\\/detenzione-di-animali-da-reddito\\\/\",\"url\":\"https:\\\/\\\/mail.swiss-animal-protection.ch\\\/it\\\/detenzione-di-animali\\\/detenzione-di-animali-da-reddito\\\/\",\"name\":\"Detenzione di animali da reddito - Protezione Svizzera degli Animali PSA\",\"isPartOf\":{\"@id\":\"https:\\\/\\\/mail.protection-animaux-psa.ch\\\/fr\\\/#website\"},\"primaryImageOfPage\":{\"@id\":\"https:\\\/\\\/mail.swiss-animal-protection.ch\\\/it\\\/detenzione-di-animali\\\/detenzione-di-animali-da-reddito\\\/#primaryimage\"},\"image\":{\"@id\":\"https:\\\/\\\/mail.swiss-animal-protection.ch\\\/it\\\/detenzione-di-animali\\\/detenzione-di-animali-da-reddito\\\/#primaryimage\"},\"thumbnailUrl\":\"https:\\\/\\\/tierschutz.com\\\/app\\\/uploads\\\/2023\\\/06\\\/sts-nutztierhaltung-scaled-e1686821780359.jpg\",\"datePublished\":\"2023-05-04T09:30:15+00:00\",\"dateModified\":\"2024-04-04T15:04:37+00:00\",\"breadcrumb\":{\"@id\":\"https:\\\/\\\/mail.swiss-animal-protection.ch\\\/it\\\/detenzione-di-animali\\\/detenzione-di-animali-da-reddito\\\/#breadcrumb\"},\"inLanguage\":\"it-IT\",\"potentialAction\":[{\"@type\":\"ReadAction\",\"target\":[\"https:\\\/\\\/mail.swiss-animal-protection.ch\\\/it\\\/detenzione-di-animali\\\/detenzione-di-animali-da-reddito\\\/\"]}]},{\"@type\":\"ImageObject\",\"inLanguage\":\"it-IT\",\"@id\":\"https:\\\/\\\/mail.swiss-animal-protection.ch\\\/it\\\/detenzione-di-animali\\\/detenzione-di-animali-da-reddito\\\/#primaryimage\",\"url\":\"https:\\\/\\\/tierschutz.com\\\/app\\\/uploads\\\/2023\\\/06\\\/sts-nutztierhaltung-scaled-e1686821780359.jpg\",\"contentUrl\":\"https:\\\/\\\/tierschutz.com\\\/app\\\/uploads\\\/2023\\\/06\\\/sts-nutztierhaltung-scaled-e1686821780359.jpg\"},{\"@type\":\"BreadcrumbList\",\"@id\":\"https:\\\/\\\/mail.swiss-animal-protection.ch\\\/it\\\/detenzione-di-animali\\\/detenzione-di-animali-da-reddito\\\/#breadcrumb\",\"itemListElement\":[{\"@type\":\"ListItem\",\"position\":1,\"name\":\"Pagina iniziale\",\"item\":\"https:\\\/\\\/mail.protection-animaux-psa.ch\\\/it\\\/\"},{\"@type\":\"ListItem\",\"position\":2,\"name\":\"Detenzione di animali\",\"item\":\"https:\\\/\\\/mail.schweizer-tierschutz-sts.ch\\\/it\\\/detenzione-di-animali\\\/\"},{\"@type\":\"ListItem\",\"position\":3,\"name\":\"Detenzione di animali da reddito\"}]},{\"@type\":\"WebSite\",\"@id\":\"https:\\\/\\\/mail.protection-animaux-psa.ch\\\/fr\\\/#website\",\"url\":\"https:\\\/\\\/mail.protection-animaux-psa.ch\\\/fr\\\/\",\"name\":\"tierschutz.com\",\"description\":\"Wir setzen uns f\u00fcr das Wohl der Tiere ein.\",\"publisher\":{\"@id\":\"https:\\\/\\\/mail.protection-animaux-psa.ch\\\/fr\\\/#organization\"},\"alternateName\":\"Schweizer Tierschutz STS\",\"potentialAction\":[{\"@type\":\"SearchAction\",\"target\":{\"@type\":\"EntryPoint\",\"urlTemplate\":\"https:\\\/\\\/mail.protection-animaux-psa.ch\\\/fr\\\/?s={search_term_string}\"},\"query-input\":{\"@type\":\"PropertyValueSpecification\",\"valueRequired\":true,\"valueName\":\"search_term_string\"}}],\"inLanguage\":\"it-IT\"},{\"@type\":\"Organization\",\"@id\":\"https:\\\/\\\/mail.protection-animaux-psa.ch\\\/fr\\\/#organization\",\"name\":\"Schweizer Tierschutz STS\",\"alternateName\":\"STS\",\"url\":\"https:\\\/\\\/mail.protection-animaux-psa.ch\\\/fr\\\/\",\"logo\":{\"@type\":\"ImageObject\",\"inLanguage\":\"it-IT\",\"@id\":\"https:\\\/\\\/mail.protection-animaux-psa.ch\\\/fr\\\/#\\\/schema\\\/logo\\\/image\\\/\",\"url\":\"https:\\\/\\\/mail.swiss-animal-protection.ch\\\/app\\\/uploads\\\/2024\\\/04\\\/logo-schweizer-tierschutz-sts-1.svg\",\"contentUrl\":\"https:\\\/\\\/mail.swiss-animal-protection.ch\\\/app\\\/uploads\\\/2024\\\/04\\\/logo-schweizer-tierschutz-sts-1.svg\",\"caption\":\"Schweizer Tierschutz STS\"},\"image\":{\"@id\":\"https:\\\/\\\/mail.protection-animaux-psa.ch\\\/fr\\\/#\\\/schema\\\/logo\\\/image\\\/\"},\"sameAs\":[\"https:\\\/\\\/www.facebook.com\\\/schweizertierschutz\\\/\",\"https:\\\/\\\/www.instagram.com\\\/schweizertierschutzsts\\\/\",\"https:\\\/\\\/www.youtube.com\\\/@STS_Tierschutz\",\"https:\\\/\\\/www.linkedin.com\\\/company\\\/schweizertierschutzsts\\\/\"],\"description\":\"Der Schweizer Tierschutz STS ist der Dachverband von 71 Tierschutzorganisationen in allen Sprachregionen der Schweiz und in Liechtenstein. Seine Mitarbeitenden leisten wissenschaftlich fundierte Grundlagenarbeit, setzen sich mit Projekten und Aktionen f\u00fcr den Schutz und das Wohlbefinden von Heim-, Wild-, Nutz- und Versuchstieren ein und sensibilisieren die \u00d6ffentlichkeit f\u00fcr Tierschutzthemen.\",\"email\":\"sts@tierschutz.com\",\"telephone\":\"061 365 99 99\",\"legalName\":\"Schweizer Tierschutz STS\"}]}<\/script>\n<!-- \/ Yoast SEO Premium plugin. -->","yoast_head_json":{"title":"Detenzione di animali da reddito - Protezione Svizzera degli Animali PSA","robots":{"index":"index","follow":"follow","max-snippet":"max-snippet:-1","max-image-preview":"max-image-preview:large","max-video-preview":"max-video-preview:-1"},"canonical":"https:\/\/mail.swiss-animal-protection.ch\/it\/detenzione-di-animali\/detenzione-di-animali-da-reddito\/","og_locale":"it_IT","og_type":"article","og_title":"Detenzione di animali da reddito","og_description":"Bovini Una mucca fa muggito. E nel migliore dei casi \u00e8 un muggito felice. Leggete qui cosa \u00e8 importante nell&#8217;allevamento [&hellip;]","og_url":"https:\/\/mail.swiss-animal-protection.ch\/it\/detenzione-di-animali\/detenzione-di-animali-da-reddito\/","og_site_name":"Protezione Svizzera degli Animali PSA","article_publisher":"https:\/\/www.facebook.com\/schweizertierschutz\/","article_modified_time":"2024-04-04T15:04:37+00:00","og_image":[{"url":"https:\/\/tierschutz.com\/app\/uploads\/2023\/06\/sts-nutztierhaltung-scaled-e1686821780359.jpg","type":"","width":"","height":""}],"twitter_card":"summary_large_image","twitter_misc":{"Tempo di lettura stimato":"2 minuti"},"schema":{"@context":"https:\/\/schema.org","@graph":[{"@type":"WebPage","@id":"https:\/\/mail.swiss-animal-protection.ch\/it\/detenzione-di-animali\/detenzione-di-animali-da-reddito\/","url":"https:\/\/mail.swiss-animal-protection.ch\/it\/detenzione-di-animali\/detenzione-di-animali-da-reddito\/","name":"Detenzione di animali da reddito - Protezione Svizzera degli Animali PSA","isPartOf":{"@id":"https:\/\/mail.protection-animaux-psa.ch\/fr\/#website"},"primaryImageOfPage":{"@id":"https:\/\/mail.swiss-animal-protection.ch\/it\/detenzione-di-animali\/detenzione-di-animali-da-reddito\/#primaryimage"},"image":{"@id":"https:\/\/mail.swiss-animal-protection.ch\/it\/detenzione-di-animali\/detenzione-di-animali-da-reddito\/#primaryimage"},"thumbnailUrl":"https:\/\/tierschutz.com\/app\/uploads\/2023\/06\/sts-nutztierhaltung-scaled-e1686821780359.jpg","datePublished":"2023-05-04T09:30:15+00:00","dateModified":"2024-04-04T15:04:37+00:00","breadcrumb":{"@id":"https:\/\/mail.swiss-animal-protection.ch\/it\/detenzione-di-animali\/detenzione-di-animali-da-reddito\/#breadcrumb"},"inLanguage":"it-IT","potentialAction":[{"@type":"ReadAction","target":["https:\/\/mail.swiss-animal-protection.ch\/it\/detenzione-di-animali\/detenzione-di-animali-da-reddito\/"]}]},{"@type":"ImageObject","inLanguage":"it-IT","@id":"https:\/\/mail.swiss-animal-protection.ch\/it\/detenzione-di-animali\/detenzione-di-animali-da-reddito\/#primaryimage","url":"https:\/\/tierschutz.com\/app\/uploads\/2023\/06\/sts-nutztierhaltung-scaled-e1686821780359.jpg","contentUrl":"https:\/\/tierschutz.com\/app\/uploads\/2023\/06\/sts-nutztierhaltung-scaled-e1686821780359.jpg"},{"@type":"BreadcrumbList","@id":"https:\/\/mail.swiss-animal-protection.ch\/it\/detenzione-di-animali\/detenzione-di-animali-da-reddito\/#breadcrumb","itemListElement":[{"@type":"ListItem","position":1,"name":"Pagina iniziale","item":"https:\/\/mail.protection-animaux-psa.ch\/it\/"},{"@type":"ListItem","position":2,"name":"Detenzione di animali","item":"https:\/\/mail.schweizer-tierschutz-sts.ch\/it\/detenzione-di-animali\/"},{"@type":"ListItem","position":3,"name":"Detenzione di animali da reddito"}]},{"@type":"WebSite","@id":"https:\/\/mail.protection-animaux-psa.ch\/fr\/#website","url":"https:\/\/mail.protection-animaux-psa.ch\/fr\/","name":"tierschutz.com","description":"Wir setzen uns f\u00fcr das Wohl der Tiere ein.","publisher":{"@id":"https:\/\/mail.protection-animaux-psa.ch\/fr\/#organization"},"alternateName":"Schweizer Tierschutz STS","potentialAction":[{"@type":"SearchAction","target":{"@type":"EntryPoint","urlTemplate":"https:\/\/mail.protection-animaux-psa.ch\/fr\/?s={search_term_string}"},"query-input":{"@type":"PropertyValueSpecification","valueRequired":true,"valueName":"search_term_string"}}],"inLanguage":"it-IT"},{"@type":"Organization","@id":"https:\/\/mail.protection-animaux-psa.ch\/fr\/#organization","name":"Schweizer Tierschutz STS","alternateName":"STS","url":"https:\/\/mail.protection-animaux-psa.ch\/fr\/","logo":{"@type":"ImageObject","inLanguage":"it-IT","@id":"https:\/\/mail.protection-animaux-psa.ch\/fr\/#\/schema\/logo\/image\/","url":"https:\/\/mail.swiss-animal-protection.ch\/app\/uploads\/2024\/04\/logo-schweizer-tierschutz-sts-1.svg","contentUrl":"https:\/\/mail.swiss-animal-protection.ch\/app\/uploads\/2024\/04\/logo-schweizer-tierschutz-sts-1.svg","caption":"Schweizer Tierschutz STS"},"image":{"@id":"https:\/\/mail.protection-animaux-psa.ch\/fr\/#\/schema\/logo\/image\/"},"sameAs":["https:\/\/www.facebook.com\/schweizertierschutz\/","https:\/\/www.instagram.com\/schweizertierschutzsts\/","https:\/\/www.youtube.com\/@STS_Tierschutz","https:\/\/www.linkedin.com\/company\/schweizertierschutzsts\/"],"description":"Der Schweizer Tierschutz STS ist der Dachverband von 71 Tierschutzorganisationen in allen Sprachregionen der Schweiz und in Liechtenstein. Seine Mitarbeitenden leisten wissenschaftlich fundierte Grundlagenarbeit, setzen sich mit Projekten und Aktionen f\u00fcr den Schutz und das Wohlbefinden von Heim-, Wild-, Nutz- und Versuchstieren ein und sensibilisieren die \u00d6ffentlichkeit f\u00fcr Tierschutzthemen.","email":"sts@tierschutz.com","telephone":"061 365 99 99","legalName":"Schweizer Tierschutz STS"}]}},"_links":{"self":[{"href":"https:\/\/mail.swiss-animal-protection.ch\/it\/wp-json\/wp\/v2\/pages\/7018","targetHints":{"allow":["GET"]}}],"collection":[{"href":"https:\/\/mail.swiss-animal-protection.ch\/it\/wp-json\/wp\/v2\/pages"}],"about":[{"href":"https:\/\/mail.swiss-animal-protection.ch\/it\/wp-json\/wp\/v2\/types\/page"}],"author":[{"embeddable":true,"href":"https:\/\/mail.swiss-animal-protection.ch\/it\/wp-json\/wp\/v2\/users\/5"}],"replies":[{"embeddable":true,"href":"https:\/\/mail.swiss-animal-protection.ch\/it\/wp-json\/wp\/v2\/comments?post=7018"}],"version-history":[{"count":6,"href":"https:\/\/mail.swiss-animal-protection.ch\/it\/wp-json\/wp\/v2\/pages\/7018\/revisions"}],"predecessor-version":[{"id":18437,"href":"https:\/\/mail.swiss-animal-protection.ch\/it\/wp-json\/wp\/v2\/pages\/7018\/revisions\/18437"}],"up":[{"embeddable":true,"href":"https:\/\/mail.swiss-animal-protection.ch\/it\/wp-json\/wp\/v2\/pages\/7015"}],"wp:attachment":[{"href":"https:\/\/mail.swiss-animal-protection.ch\/it\/wp-json\/wp\/v2\/media?parent=7018"}],"curies":[{"name":"wp","href":"https:\/\/api.w.org\/{rel}","templated":true}]}}