{"id":7302,"date":"2023-06-29T12:10:23","date_gmt":"2023-06-29T10:10:23","guid":{"rendered":"https:\/\/www.tierschutz.com\/?post_type=project&#038;p=7302"},"modified":"2025-06-19T11:18:28","modified_gmt":"2025-06-19T09:18:28","slug":"abbiamo-paura-dei-fuochi-dartificio","status":"publish","type":"project","link":"https:\/\/mail.swiss-animal-protection.ch\/it\/project\/abbiamo-paura-dei-fuochi-dartificio\/","title":{"rendered":"Il forte rumore dei fuochi d\u2019artificio ha un impatto!"},"content":{"rendered":"\n<div class=\"wp-block-cover alignfull\" style=\"min-height:430px;aspect-ratio:unset;\"><img loading=\"lazy\" decoding=\"async\" width=\"2560\" height=\"1707\" class=\"wp-block-cover__image-background wp-image-7253\" alt=\"\" src=\"https:\/\/www.tierschutz.com\/app\/uploads\/2023\/06\/erwan-hesry-WPTHZkA-M4I-unsplash-scaled.jpg\" data-object-fit=\"cover\" srcset=\"https:\/\/mail.swiss-animal-protection.ch\/app\/uploads\/2023\/06\/erwan-hesry-WPTHZkA-M4I-unsplash-scaled.jpg 2560w, https:\/\/mail.swiss-animal-protection.ch\/app\/uploads\/2023\/06\/erwan-hesry-WPTHZkA-M4I-unsplash-300x200.jpg 300w, https:\/\/mail.swiss-animal-protection.ch\/app\/uploads\/2023\/06\/erwan-hesry-WPTHZkA-M4I-unsplash-1024x683.jpg 1024w, https:\/\/mail.swiss-animal-protection.ch\/app\/uploads\/2023\/06\/erwan-hesry-WPTHZkA-M4I-unsplash-768x512.jpg 768w, https:\/\/mail.swiss-animal-protection.ch\/app\/uploads\/2023\/06\/erwan-hesry-WPTHZkA-M4I-unsplash-1536x1024.jpg 1536w, https:\/\/mail.swiss-animal-protection.ch\/app\/uploads\/2023\/06\/erwan-hesry-WPTHZkA-M4I-unsplash-2048x1365.jpg 2048w\" sizes=\"auto, (max-width: 2560px) 100vw, 2560px\" \/><span aria-hidden=\"true\" class=\"wp-block-cover__background has-black-background-color has-background-dim-30 has-background-dim\"><\/span><div class=\"wp-block-cover__inner-container is-layout-flow wp-block-cover-is-layout-flow\">\n<h2 class=\"wp-block-heading has-text-align-center has-background-color has-text-color\" id=\"h-il-forte-rumore-dei-fuochi-d-artificio-ha-un-impatto\">Il forte rumore dei fuochi d\u2019artificio ha un impatto!<\/h2>\n<\/div><\/div>\n\n\n\n<div class=\"wp-block-group alignfull has-background-background-color has-background is-layout-constrained wp-block-group-is-layout-constrained\" id=\"derhund\"><div class=\"yoast-breadcrumbs\"><span><span><a href=\"https:\/\/tierschutz.com\/it\/\">Pagina iniziale<\/a><\/span> \u00bb <span><a href=\"https:\/\/mail.swiss-animal-protection.ch\/it\/project\/\">Projekte<\/a><\/span> \u00bb <span class=\"breadcrumb_last\" aria-current=\"page\">Il forte rumore dei fuochi d\u2019artificio ha un impatto!<\/span><\/span><\/div>\n\n\n<h1 class=\"wp-block-heading has-text-align-center\" id=\"h-per-una-limitazione-dei-fuochi-d-artificio-per-proteggere-le-persone-gli-animali-e-l-ambiente\"><strong>Per una limitazione dei fuochi d\u2019artificio \u2013\u00a0Per proteggere le persone, gli animali e l&#8217;ambiente<\/strong><\/h1>\n\n\n\n<hr class=\"wp-block-separator has-text-color has-primary-color has-alpha-channel-opacity has-primary-background-color has-background\"\/>\n\n\n\n<p class=\"has-text-align-left\"><strong>Gli animali hanno attacchi di panico, le persone soffrono per il rumore e il nostro ambiente viene inquinato. Ci impegniamo per limitare l\u2019uso di fuochi d\u2019artificio rumorosi.<\/strong><\/p>\n\n\n\n<p class=\"has-text-align-left\">La Svizzera deve proteggere meglio le persone e gli animali dai rumori dannosi e inutili dei fuochi d\u2019artificio. Anche i danni ambientali causati dai fuochi d\u2019artificio sono inutili ed evitabili. Non si pu\u00f2 continuare cos\u00ec! Per questo motivo abbiamo lanciato l\u2019iniziativa popolare federale \u00abPer una limitazione dei fuochi d\u2019artificio\u00bb (Iniziativa sui fuochi d\u2019artificio).<\/p>\n\n\n\n<figure class=\"wp-block-image aligncenter size-full\"><img loading=\"lazy\" decoding=\"async\" width=\"1920\" height=\"1080\" src=\"https:\/\/tierschutz.com\/app\/uploads\/2023\/06\/feuerwerk-it.jpg\" alt=\"\" class=\"wp-image-31987\" srcset=\"https:\/\/mail.swiss-animal-protection.ch\/app\/uploads\/2023\/06\/feuerwerk-it.jpg 1920w, https:\/\/mail.swiss-animal-protection.ch\/app\/uploads\/2023\/06\/feuerwerk-it-300x169.jpg 300w, https:\/\/mail.swiss-animal-protection.ch\/app\/uploads\/2023\/06\/feuerwerk-it-1024x576.jpg 1024w, https:\/\/mail.swiss-animal-protection.ch\/app\/uploads\/2023\/06\/feuerwerk-it-768x432.jpg 768w, https:\/\/mail.swiss-animal-protection.ch\/app\/uploads\/2023\/06\/feuerwerk-it-1536x864.jpg 1536w\" sizes=\"auto, (max-width: 1920px) 100vw, 1920px\" \/><figcaption class=\"wp-element-caption\">\n<\/figcaption><\/figure>\n\n\n\n<div class=\"wp-block-buttons is-content-justification-center is-layout-flex wp-container-core-buttons-is-layout-a89b3969 wp-block-buttons-is-layout-flex\">\n<div class=\"wp-block-button\"><a class=\"wp-block-button__link wp-element-button\" href=\"https:\/\/www.feuerwerksinitiative.ch\/it\" target=\"_blank\" rel=\"noreferrer noopener\">Ulteriori informazioni<\/a><\/div>\n<\/div>\n\n\n\n<div class=\"wp-block-group alignfull has-background-background-color has-background is-layout-constrained wp-block-group-is-layout-constrained\">\n<h2 class=\"wp-block-heading has-text-align-center\" id=\"h-downloads\"><strong>Downloads<\/strong><\/h2>\n\n\n\n<hr class=\"wp-block-separator has-text-color has-primary-color has-alpha-channel-opacity has-primary-background-color has-background\"\/>\n\n\n\n<div class=\"wp-block-group is-layout-flex wp-block-group-is-layout-flex\"><div class=\"wp-block-file-wrapper is-pdf\" data-filetype=\"PDF\" data-size=\"486 KB\">\n<div class=\"wp-block-file\"><a id=\"wp-block-file--media-aeeb682b-2cc5-4e06-999a-d011aedfd58b\" href=\"https:\/\/www.tierschutz.com\/app\/uploads\/2023\/06\/flyer_fuochi_artificio.pdf\">Fuochi artificio<\/a><a href=\"https:\/\/www.tierschutz.com\/app\/uploads\/2023\/06\/flyer_fuochi_artificio.pdf\" class=\"wp-block-file__button wp-element-button\" download aria-describedby=\"wp-block-file--media-aeeb682b-2cc5-4e06-999a-d011aedfd58b\">Scaricare<\/a><\/div>\n<\/div><\/div>\n<\/div>\n<\/div>\n","protected":false},"excerpt":{"rendered":"<p>Gli animali hanno attacchi di panico, le persone soffrono per il rumore e il nostro ambiente viene inquinato. Ci impegniamo per limitare l\u2019uso di fuochi d\u2019artificio rumorosi.<\/p>\n","protected":false},"featured_media":31981,"template":"","meta":{"_acf_changed":false,"inline_featured_image":false,"_vp_format_video_url":"","_vp_image_focal_point":[],"footnotes":""},"project-category":[118],"class_list":["post-7302","project","type-project","status-publish","has-post-thumbnail","hentry","project-category-azioni-e-campagne"],"acf":[],"yoast_head":"<!-- This site is optimized with the Yoast SEO Premium plugin v27.4 (Yoast SEO v27.4) - https:\/\/yoast.com\/product\/yoast-seo-premium-wordpress\/ -->\n<title>Il forte rumore dei fuochi d\u2019artificio ha un impatto! - Schweizer Tierschutz STS<\/title>\n<meta name=\"description\" content=\"Der Schutz und das Wohl von Tieren liegt uns am Herzen. Informieren Sie sich hier \u00fcber die Tierschutzprojekte.\" \/>\n<meta name=\"robots\" content=\"index, follow, max-snippet:-1, max-image-preview:large, max-video-preview:-1\" \/>\n<link rel=\"canonical\" href=\"https:\/\/mail.swiss-animal-protection.ch\/it\/project\/abbiamo-paura-dei-fuochi-dartificio\/\" \/>\n<meta property=\"og:locale\" content=\"it_IT\" \/>\n<meta property=\"og:type\" content=\"article\" \/>\n<meta property=\"og:title\" content=\"Il forte rumore dei fuochi d\u2019artificio ha un impatto!\" \/>\n<meta property=\"og:description\" content=\"Der Schutz und das Wohl von Tieren liegt uns am Herzen. Informieren Sie sich hier \u00fcber die Tierschutzprojekte.\" \/>\n<meta property=\"og:url\" content=\"https:\/\/mail.swiss-animal-protection.ch\/it\/project\/abbiamo-paura-dei-fuochi-dartificio\/\" \/>\n<meta property=\"og:site_name\" content=\"Protezione Svizzera degli Animali PSA\" \/>\n<meta property=\"article:publisher\" content=\"https:\/\/www.facebook.com\/schweizertierschutz\/\" \/>\n<meta property=\"article:modified_time\" content=\"2025-06-19T09:18:28+00:00\" \/>\n<meta property=\"og:image\" content=\"https:\/\/mail.schweizer-tierschutz.ch\/app\/uploads\/2023\/06\/Katze-Feuerwerk-q.jpg\" \/>\n\t<meta property=\"og:image:width\" content=\"1393\" \/>\n\t<meta property=\"og:image:height\" content=\"1000\" \/>\n\t<meta property=\"og:image:type\" content=\"image\/jpeg\" \/>\n<meta name=\"twitter:card\" content=\"summary_large_image\" \/>\n<meta name=\"twitter:label1\" content=\"Tempo di lettura stimato\" \/>\n\t<meta name=\"twitter:data1\" content=\"2 minuti\" \/>\n<script type=\"application\/ld+json\" class=\"yoast-schema-graph\">{\"@context\":\"https:\\\/\\\/schema.org\",\"@graph\":[{\"@type\":[\"WebPage\",\"ItemPage\"],\"@id\":\"https:\\\/\\\/mail.swiss-animal-protection.ch\\\/it\\\/project\\\/abbiamo-paura-dei-fuochi-dartificio\\\/\",\"url\":\"https:\\\/\\\/mail.swiss-animal-protection.ch\\\/it\\\/project\\\/abbiamo-paura-dei-fuochi-dartificio\\\/\",\"name\":\"Il forte rumore dei fuochi d\u2019artificio ha un impatto! - Schweizer Tierschutz STS\",\"isPartOf\":{\"@id\":\"https:\\\/\\\/tierschutz.com\\\/it\\\/#website\"},\"primaryImageOfPage\":{\"@id\":\"https:\\\/\\\/mail.swiss-animal-protection.ch\\\/it\\\/project\\\/abbiamo-paura-dei-fuochi-dartificio\\\/#primaryimage\"},\"image\":{\"@id\":\"https:\\\/\\\/mail.swiss-animal-protection.ch\\\/it\\\/project\\\/abbiamo-paura-dei-fuochi-dartificio\\\/#primaryimage\"},\"thumbnailUrl\":\"https:\\\/\\\/mail.swiss-animal-protection.ch\\\/app\\\/uploads\\\/2023\\\/06\\\/Katze-Feuerwerk-q.jpg\",\"datePublished\":\"2023-06-29T10:10:23+00:00\",\"dateModified\":\"2025-06-19T09:18:28+00:00\",\"description\":\"Der Schutz und das Wohl von Tieren liegt uns am Herzen. Informieren Sie sich hier \u00fcber die Tierschutzprojekte.\",\"breadcrumb\":{\"@id\":\"https:\\\/\\\/mail.swiss-animal-protection.ch\\\/it\\\/project\\\/abbiamo-paura-dei-fuochi-dartificio\\\/#breadcrumb\"},\"inLanguage\":\"it-IT\",\"potentialAction\":[{\"@type\":\"ReadAction\",\"target\":[\"https:\\\/\\\/mail.swiss-animal-protection.ch\\\/it\\\/project\\\/abbiamo-paura-dei-fuochi-dartificio\\\/\"]}]},{\"@type\":\"ImageObject\",\"inLanguage\":\"it-IT\",\"@id\":\"https:\\\/\\\/mail.swiss-animal-protection.ch\\\/it\\\/project\\\/abbiamo-paura-dei-fuochi-dartificio\\\/#primaryimage\",\"url\":\"https:\\\/\\\/mail.swiss-animal-protection.ch\\\/app\\\/uploads\\\/2023\\\/06\\\/Katze-Feuerwerk-q.jpg\",\"contentUrl\":\"https:\\\/\\\/mail.swiss-animal-protection.ch\\\/app\\\/uploads\\\/2023\\\/06\\\/Katze-Feuerwerk-q.jpg\",\"width\":1393,\"height\":1000},{\"@type\":\"BreadcrumbList\",\"@id\":\"https:\\\/\\\/mail.swiss-animal-protection.ch\\\/it\\\/project\\\/abbiamo-paura-dei-fuochi-dartificio\\\/#breadcrumb\",\"itemListElement\":[{\"@type\":\"ListItem\",\"position\":1,\"name\":\"Pagina iniziale\",\"item\":\"https:\\\/\\\/tierschutz.com\\\/it\\\/\"},{\"@type\":\"ListItem\",\"position\":2,\"name\":\"Projekte\",\"item\":\"https:\\\/\\\/mail.swiss-animal-protection.ch\\\/it\\\/project\\\/\"},{\"@type\":\"ListItem\",\"position\":3,\"name\":\"Il forte rumore dei fuochi d\u2019artificio ha un impatto!\"}]},{\"@type\":\"WebSite\",\"@id\":\"https:\\\/\\\/tierschutz.com\\\/it\\\/#website\",\"url\":\"https:\\\/\\\/tierschutz.com\\\/it\\\/\",\"name\":\"tierschutz.com\",\"description\":\"Wir setzen uns f\u00fcr das Wohl der Tiere ein.\",\"publisher\":{\"@id\":\"https:\\\/\\\/tierschutz.com\\\/it\\\/#organization\"},\"alternateName\":\"Schweizer Tierschutz STS\",\"potentialAction\":[{\"@type\":\"SearchAction\",\"target\":{\"@type\":\"EntryPoint\",\"urlTemplate\":\"https:\\\/\\\/tierschutz.com\\\/it\\\/?s={search_term_string}\"},\"query-input\":{\"@type\":\"PropertyValueSpecification\",\"valueRequired\":true,\"valueName\":\"search_term_string\"}}],\"inLanguage\":\"it-IT\"},{\"@type\":\"Organization\",\"@id\":\"https:\\\/\\\/tierschutz.com\\\/it\\\/#organization\",\"name\":\"Schweizer Tierschutz STS\",\"alternateName\":\"STS\",\"url\":\"https:\\\/\\\/tierschutz.com\\\/it\\\/\",\"logo\":{\"@type\":\"ImageObject\",\"inLanguage\":\"it-IT\",\"@id\":\"https:\\\/\\\/tierschutz.com\\\/it\\\/#\\\/schema\\\/logo\\\/image\\\/\",\"url\":\"https:\\\/\\\/mail.swiss-animal-protection.ch\\\/app\\\/uploads\\\/2024\\\/04\\\/logo-schweizer-tierschutz-sts-1.svg\",\"contentUrl\":\"https:\\\/\\\/mail.swiss-animal-protection.ch\\\/app\\\/uploads\\\/2024\\\/04\\\/logo-schweizer-tierschutz-sts-1.svg\",\"caption\":\"Schweizer Tierschutz STS\"},\"image\":{\"@id\":\"https:\\\/\\\/tierschutz.com\\\/it\\\/#\\\/schema\\\/logo\\\/image\\\/\"},\"sameAs\":[\"https:\\\/\\\/www.facebook.com\\\/schweizertierschutz\\\/\",\"https:\\\/\\\/www.instagram.com\\\/schweizertierschutzsts\\\/\",\"https:\\\/\\\/www.youtube.com\\\/@STS_Tierschutz\",\"https:\\\/\\\/www.linkedin.com\\\/company\\\/schweizertierschutzsts\\\/\"],\"description\":\"Der Schweizer Tierschutz STS ist der Dachverband von 71 Tierschutzorganisationen in allen Sprachregionen der Schweiz und in Liechtenstein. Seine Mitarbeitenden leisten wissenschaftlich fundierte Grundlagenarbeit, setzen sich mit Projekten und Aktionen f\u00fcr den Schutz und das Wohlbefinden von Heim-, Wild-, Nutz- und Versuchstieren ein und sensibilisieren die \u00d6ffentlichkeit f\u00fcr Tierschutzthemen.\",\"email\":\"sts@tierschutz.com\",\"telephone\":\"061 365 99 99\",\"legalName\":\"Schweizer Tierschutz STS\"}]}<\/script>\n<!-- \/ Yoast SEO Premium plugin. -->","yoast_head_json":{"title":"Il forte rumore dei fuochi d\u2019artificio ha un impatto! - Schweizer Tierschutz STS","description":"Der Schutz und das Wohl von Tieren liegt uns am Herzen. Informieren Sie sich hier \u00fcber die Tierschutzprojekte.","robots":{"index":"index","follow":"follow","max-snippet":"max-snippet:-1","max-image-preview":"max-image-preview:large","max-video-preview":"max-video-preview:-1"},"canonical":"https:\/\/mail.swiss-animal-protection.ch\/it\/project\/abbiamo-paura-dei-fuochi-dartificio\/","og_locale":"it_IT","og_type":"article","og_title":"Il forte rumore dei fuochi d\u2019artificio ha un impatto!","og_description":"Der Schutz und das Wohl von Tieren liegt uns am Herzen. Informieren Sie sich hier \u00fcber die Tierschutzprojekte.","og_url":"https:\/\/mail.swiss-animal-protection.ch\/it\/project\/abbiamo-paura-dei-fuochi-dartificio\/","og_site_name":"Protezione Svizzera degli Animali PSA","article_publisher":"https:\/\/www.facebook.com\/schweizertierschutz\/","article_modified_time":"2025-06-19T09:18:28+00:00","og_image":[{"width":1393,"height":1000,"url":"https:\/\/mail.schweizer-tierschutz.ch\/app\/uploads\/2023\/06\/Katze-Feuerwerk-q.jpg","type":"image\/jpeg"}],"twitter_card":"summary_large_image","twitter_misc":{"Tempo di lettura stimato":"2 minuti"},"schema":{"@context":"https:\/\/schema.org","@graph":[{"@type":["WebPage","ItemPage"],"@id":"https:\/\/mail.swiss-animal-protection.ch\/it\/project\/abbiamo-paura-dei-fuochi-dartificio\/","url":"https:\/\/mail.swiss-animal-protection.ch\/it\/project\/abbiamo-paura-dei-fuochi-dartificio\/","name":"Il forte rumore dei fuochi d\u2019artificio ha un impatto! - Schweizer Tierschutz STS","isPartOf":{"@id":"https:\/\/tierschutz.com\/it\/#website"},"primaryImageOfPage":{"@id":"https:\/\/mail.swiss-animal-protection.ch\/it\/project\/abbiamo-paura-dei-fuochi-dartificio\/#primaryimage"},"image":{"@id":"https:\/\/mail.swiss-animal-protection.ch\/it\/project\/abbiamo-paura-dei-fuochi-dartificio\/#primaryimage"},"thumbnailUrl":"https:\/\/mail.swiss-animal-protection.ch\/app\/uploads\/2023\/06\/Katze-Feuerwerk-q.jpg","datePublished":"2023-06-29T10:10:23+00:00","dateModified":"2025-06-19T09:18:28+00:00","description":"Der Schutz und das Wohl von Tieren liegt uns am Herzen. Informieren Sie sich hier \u00fcber die Tierschutzprojekte.","breadcrumb":{"@id":"https:\/\/mail.swiss-animal-protection.ch\/it\/project\/abbiamo-paura-dei-fuochi-dartificio\/#breadcrumb"},"inLanguage":"it-IT","potentialAction":[{"@type":"ReadAction","target":["https:\/\/mail.swiss-animal-protection.ch\/it\/project\/abbiamo-paura-dei-fuochi-dartificio\/"]}]},{"@type":"ImageObject","inLanguage":"it-IT","@id":"https:\/\/mail.swiss-animal-protection.ch\/it\/project\/abbiamo-paura-dei-fuochi-dartificio\/#primaryimage","url":"https:\/\/mail.swiss-animal-protection.ch\/app\/uploads\/2023\/06\/Katze-Feuerwerk-q.jpg","contentUrl":"https:\/\/mail.swiss-animal-protection.ch\/app\/uploads\/2023\/06\/Katze-Feuerwerk-q.jpg","width":1393,"height":1000},{"@type":"BreadcrumbList","@id":"https:\/\/mail.swiss-animal-protection.ch\/it\/project\/abbiamo-paura-dei-fuochi-dartificio\/#breadcrumb","itemListElement":[{"@type":"ListItem","position":1,"name":"Pagina iniziale","item":"https:\/\/tierschutz.com\/it\/"},{"@type":"ListItem","position":2,"name":"Projekte","item":"https:\/\/mail.swiss-animal-protection.ch\/it\/project\/"},{"@type":"ListItem","position":3,"name":"Il forte rumore dei fuochi d\u2019artificio ha un impatto!"}]},{"@type":"WebSite","@id":"https:\/\/tierschutz.com\/it\/#website","url":"https:\/\/tierschutz.com\/it\/","name":"tierschutz.com","description":"Wir setzen uns f\u00fcr das Wohl der Tiere ein.","publisher":{"@id":"https:\/\/tierschutz.com\/it\/#organization"},"alternateName":"Schweizer Tierschutz STS","potentialAction":[{"@type":"SearchAction","target":{"@type":"EntryPoint","urlTemplate":"https:\/\/tierschutz.com\/it\/?s={search_term_string}"},"query-input":{"@type":"PropertyValueSpecification","valueRequired":true,"valueName":"search_term_string"}}],"inLanguage":"it-IT"},{"@type":"Organization","@id":"https:\/\/tierschutz.com\/it\/#organization","name":"Schweizer Tierschutz STS","alternateName":"STS","url":"https:\/\/tierschutz.com\/it\/","logo":{"@type":"ImageObject","inLanguage":"it-IT","@id":"https:\/\/tierschutz.com\/it\/#\/schema\/logo\/image\/","url":"https:\/\/mail.swiss-animal-protection.ch\/app\/uploads\/2024\/04\/logo-schweizer-tierschutz-sts-1.svg","contentUrl":"https:\/\/mail.swiss-animal-protection.ch\/app\/uploads\/2024\/04\/logo-schweizer-tierschutz-sts-1.svg","caption":"Schweizer Tierschutz STS"},"image":{"@id":"https:\/\/tierschutz.com\/it\/#\/schema\/logo\/image\/"},"sameAs":["https:\/\/www.facebook.com\/schweizertierschutz\/","https:\/\/www.instagram.com\/schweizertierschutzsts\/","https:\/\/www.youtube.com\/@STS_Tierschutz","https:\/\/www.linkedin.com\/company\/schweizertierschutzsts\/"],"description":"Der Schweizer Tierschutz STS ist der Dachverband von 71 Tierschutzorganisationen in allen Sprachregionen der Schweiz und in Liechtenstein. Seine Mitarbeitenden leisten wissenschaftlich fundierte Grundlagenarbeit, setzen sich mit Projekten und Aktionen f\u00fcr den Schutz und das Wohlbefinden von Heim-, Wild-, Nutz- und Versuchstieren ein und sensibilisieren die \u00d6ffentlichkeit f\u00fcr Tierschutzthemen.","email":"sts@tierschutz.com","telephone":"061 365 99 99","legalName":"Schweizer Tierschutz STS"}]}},"_links":{"self":[{"href":"https:\/\/mail.swiss-animal-protection.ch\/it\/wp-json\/wp\/v2\/project\/7302","targetHints":{"allow":["GET"]}}],"collection":[{"href":"https:\/\/mail.swiss-animal-protection.ch\/it\/wp-json\/wp\/v2\/project"}],"about":[{"href":"https:\/\/mail.swiss-animal-protection.ch\/it\/wp-json\/wp\/v2\/types\/project"}],"version-history":[{"count":5,"href":"https:\/\/mail.swiss-animal-protection.ch\/it\/wp-json\/wp\/v2\/project\/7302\/revisions"}],"predecessor-version":[{"id":32000,"href":"https:\/\/mail.swiss-animal-protection.ch\/it\/wp-json\/wp\/v2\/project\/7302\/revisions\/32000"}],"wp:featuredmedia":[{"embeddable":true,"href":"https:\/\/mail.swiss-animal-protection.ch\/it\/wp-json\/wp\/v2\/media\/31981"}],"wp:attachment":[{"href":"https:\/\/mail.swiss-animal-protection.ch\/it\/wp-json\/wp\/v2\/media?parent=7302"}],"wp:term":[{"taxonomy":"project-category","embeddable":true,"href":"https:\/\/mail.swiss-animal-protection.ch\/it\/wp-json\/wp\/v2\/project-category?post=7302"}],"curies":[{"name":"wp","href":"https:\/\/api.w.org\/{rel}","templated":true}]}}